{"id":259,"date":"2009-12-26T07:08:16","date_gmt":"2009-12-26T07:08:16","guid":{"rendered":"http:\/\/rat-u-gradu.croati.org\/?page_id=259"},"modified":"2022-08-20T14:52:47","modified_gmt":"2022-08-20T12:52:47","slug":"zasto-blog","status":"publish","type":"page","link":"http:\/\/www.rat-u-gradu.alat.hr\/?page_id=259","title":{"rendered":"WEB, blog ili&#8230;"},"content":{"rendered":"<p>Kao prvo, ovo nije onaj tip bloga:&nbsp; ja svoje batim, a poneko ne\u0161to dopi\u0161e kao komentar!! Ovo bih ja rekao da je web &#8211; blog&#8230; ma ime nije va\u017eno, bitno je da bi se na ovim stranicama trebalo na\u0107i uglavnom sve ono \u0161to uspijem, uz pomo\u0107 dobronamjernih, skupiti iz Domovinskog rata na Dubrova\u010dkom podru\u010dju. Svejedno dali fotografije, tekstove i sli\u010dno, ili linkove na stranice koje se bave istom temom. Va\u017eno je da oni koje to zanima vide, pa i nau\u010de, \u0161to vi\u0161e. A da opet bude ne\u0161to i od bloga, tu su i moji osobni zapisi i sli\u010dno&#8230;<\/p>\n<p>Za ideju i realizaciju, kao i hosting ovih stranica dugujem veliku zahvalnost gosparu <em><strong>Nikoli Duperu<\/strong><\/em>, koji je potro\u0161io dosta vremena da ovo uobli\u010di, a posebno da mi pomogne da i ja nau\u010dim kako ure\u0111ivati stranice. A to je moglo biti naporno.<\/p>\n<p>Unaprijed hvala svakome tko prilo\u017ei sliku, tekst, komentar.<\/p>\n<p>U svibnju 2012 godine, u jeku polemike oko Bleiburga i zna\u010denja tog simbola Hrvatske Golgote, dodajem i foto galeriju &#8220;Bleiburg&#8221;, te poslije nje i &#8220;Kri\u017eni put&#8221;. Ako ove slike ne govore dovoljno, onda se mo\u017eemo samo sramiti \u0161to ni\u0161ta nismo nau\u010dili iz svoje povijesti. I \u0161to mo\u017eda neka a\u017edaja opet di\u017ee glavu da nas pojede?&nbsp;<\/p>\n<p><em><strong><span style=\"color: #000080;\">Dubravko Dubo Lasi\u0107<\/span><\/strong><\/em><\/p>\n","protected":false},"excerpt":{"rendered":"<p>Kao prvo, ovo nije onaj tip bloga:&nbsp; ja svoje batim, a poneko ne\u0161to dopi\u0161e kao komentar!! Ovo bih ja rekao da je web &#8211; blog&#8230; ma ime nije va\u017eno, bitno je da bi se na ovim stranicama trebalo na\u0107i uglavnom sve ono \u0161to uspijem, uz pomo\u0107 dobronamjernih, skupiti iz Domovinskog rata na Dubrova\u010dkom podru\u010dju. Svejedno [&hellip;]<\/p>\n","protected":false},"author":1,"featured_media":0,"parent":31,"menu_order":1,"comment_status":"open","ping_status":"open","template":"","meta":{"ngg_post_thumbnail":0,"footnotes":""},"class_list":["post-259","page","type-page","status-publish","hentry"],"jetpack_sharing_enabled":true,"_links":{"self":[{"href":"http:\/\/www.rat-u-gradu.alat.hr\/index.php?rest_route=\/wp\/v2\/pages\/259","targetHints":{"allow":["GET"]}}],"collection":[{"href":"http:\/\/www.rat-u-gradu.alat.hr\/index.php?rest_route=\/wp\/v2\/pages"}],"about":[{"href":"http:\/\/www.rat-u-gradu.alat.hr\/index.php?rest_route=\/wp\/v2\/types\/page"}],"author":[{"embeddable":true,"href":"http:\/\/www.rat-u-gradu.alat.hr\/index.php?rest_route=\/wp\/v2\/users\/1"}],"replies":[{"embeddable":true,"href":"http:\/\/www.rat-u-gradu.alat.hr\/index.php?rest_route=%2Fwp%2Fv2%2Fcomments&post=259"}],"version-history":[{"count":3,"href":"http:\/\/www.rat-u-gradu.alat.hr\/index.php?rest_route=\/wp\/v2\/pages\/259\/revisions"}],"predecessor-version":[{"id":5826,"href":"http:\/\/www.rat-u-gradu.alat.hr\/index.php?rest_route=\/wp\/v2\/pages\/259\/revisions\/5826"}],"up":[{"embeddable":true,"href":"http:\/\/www.rat-u-gradu.alat.hr\/index.php?rest_route=\/wp\/v2\/pages\/31"}],"wp:attachment":[{"href":"http:\/\/www.rat-u-gradu.alat.hr\/index.php?rest_route=%2Fwp%2Fv2%2Fmedia&parent=259"}],"curies":[{"name":"wp","href":"https:\/\/api.w.org\/{rel}","templated":true}]}}